{"id":30570,"date":"2020-03-14T11:18:02","date_gmt":"2020-03-14T10:18:02","guid":{"rendered":"http:\/\/blog.brunnenbraeu.eu\/?page_id=30570"},"modified":"2026-04-26T17:02:09","modified_gmt":"2026-04-26T15:02:09","slug":"bibliografie","status":"publish","type":"page","link":"https:\/\/blog.brunnenbraeu.eu\/?page_id=30570","title":{"rendered":"Bibliografie"},"content":{"rendered":"\n<ol class=\"wp-block-list\">\n<li><a rel=\"noreferrer noopener\" href=\"https:\/\/www.brunnenbraeu.org\/Dokumente\/Bierszene%20Polen%20-%20Nawarz%20Piwa%20(1).pdf\" data-type=\"link\" data-id=\"https:\/\/www.brunnenbraeu.org\/Dokumente\/Bierszene%20Polen%20-%20Nawarz%20Piwa%20(1).pdf\" target=\"_blank\"><strong>Nawarz Piwa!<\/strong><\/a><br>(in: Piwosz)<br>Warszawa, Juni 2000<\/li>\n\n\n\n<li><a rel=\"noreferrer noopener\" href=\"https:\/\/www.brunnenbraeu.org\/Dokumente\/Bierszene%20Polen%20-%20Nawarz%20Piwa%20(2).pdf\" data-type=\"link\" data-id=\"https:\/\/www.brunnenbraeu.org\/Dokumente\/Bierszene%20Polen%20-%20Nawarz%20Piwa%20(2).pdf\" target=\"_blank\"><strong>Nawarz Piwa! Cz\u0119\u015b\u0107 2<\/strong><\/a><br>(in: Piwosz)<br>Warszawa, September 2000<\/li>\n\n\n\n<li><a rel=\"noreferrer noopener\" href=\"https:\/\/www.brunnenbraeu.org\/Dokumente\/Schaubrauen%20-%20Kiekeberg%202006.pdf\" data-type=\"link\" data-id=\"https:\/\/www.brunnenbraeu.org\/Dokumente\/Schaubrauen%20-%20Kiekeberg%202006.pdf\" target=\"_blank\"><strong>Schaubrauen auf dem Genussmarkt im Freilichtmuseum Kiekeberg<\/strong><\/a><br>(in: Schalander)<br>Bamberg, M\u00e4rz 2007<\/li>\n\n\n\n<li><a rel=\"noreferrer noopener\" href=\"https:\/\/www.brunnenbraeu.org\/Dokumente\/Bierszene%20Polen%20-%20Schalander%20August%202007.pdf\" data-type=\"link\" data-id=\"https:\/\/www.brunnenbraeu.org\/Dokumente\/Bierszene%20Polen%20-%20Schalander%20August%202007.pdf\" target=\"_blank\"><strong>Verkostungsmarathon in \u017bywiec<\/strong><\/a><br>(in: Schalander)<br>Bamberg, August 2007<\/li>\n\n\n\n<li><a rel=\"noreferrer noopener\" href=\"https:\/\/www.brunnenbraeu.org\/Dokumente\/TdB%20Wien%202008%20-%20Schalander.pdf\" data-type=\"link\" data-id=\"https:\/\/www.brunnenbraeu.org\/Dokumente\/TdB%20Wien%202008%20-%20Schalander.pdf\" target=\"_blank\"><strong>St\u00e4dte Tour de Bier Wien 2008<\/strong><\/a><br>(in: Schalander)<br>Bamberg, M\u00e4rz 2008<\/li>\n\n\n\n<li><a rel=\"noreferrer noopener\" href=\"https:\/\/www.brunnenbraeu.org\/Dokumente\/TdB%202008%20-%20Schalander.pdf\" data-type=\"link\" data-id=\"https:\/\/www.brunnenbraeu.org\/Dokumente\/TdB%202008%20-%20Schalander.pdf\" target=\"_blank\"><strong>Tour de Bier \u2013 die F\u00fcnfte<\/strong><\/a><br>(in: Schalander)<br>Bamberg, Juni 2008<\/li>\n\n\n\n<li><a rel=\"noreferrer noopener\" href=\"https:\/\/www.brunnenbraeu.org\/Dokumente\/TdB%202009%20-%20Schalander.pdf\" data-type=\"link\" data-id=\"https:\/\/www.brunnenbraeu.org\/Dokumente\/TdB%202009%20-%20Schalander.pdf\" target=\"_blank\"><strong>6. Tour-de-Bier Mainburg vom 8.-10. Mai 2009<\/strong><\/a><br>(in: Schalander)<br>Bamberg, Juni 2009<\/li>\n\n\n\n<li><a rel=\"noreferrer noopener\" href=\"https:\/\/www.brunnenbraeu.org\/Dokumente\/TdB%20Wien%202009%20-%20Schalander.pdf\" data-type=\"link\" data-id=\"https:\/\/www.brunnenbraeu.org\/Dokumente\/TdB%20Wien%202009%20-%20Schalander.pdf\" target=\"_blank\"><strong>St\u00e4dtetour-de-Bier 2009 (Wien \u2013 Bier erleben)<\/strong><\/a><br>(in: Schalander)<br>Bamberg, Juni 2009<\/li>\n\n\n\n<li><a rel=\"noreferrer noopener\" href=\"https:\/\/www.brunnenbraeu.org\/Dokumente\/Bierszene%20Polen%20-%20My,%20Piwowarzy%20Niemieccy.pdf\" data-type=\"link\" data-id=\"https:\/\/www.brunnenbraeu.org\/Dokumente\/Bierszene%20Polen%20-%20My,%20Piwowarzy%20Niemieccy.pdf\" target=\"_blank\"><strong>My, Piwowarzy Niemieccy<\/strong><\/a><br>(in: Piwowar)<br>Cieszyn, Juni 2010<\/li>\n\n\n\n<li><a rel=\"noreferrer noopener\" href=\"https:\/\/www.brunnenbraeu.org\/Dokumente\/Bierszene%20Polen%20-%20Polska%20-%20Raj%20dla%20Piwowarow%20Domowych.pdf\" target=\"_blank\"><strong>Polska \u2013 Raj dla Piwowar\u00f3w Domowych?<\/strong><\/a><br>(in: Piwowar)<br>Cieszyn, November 2010<\/li>\n\n\n\n<li><a rel=\"noreferrer noopener\" href=\"https:\/\/www.brunnenbraeu.org\/Dokumente\/Bierszene%20Polen%20-%20Was%20ist%20los.pdf\" data-type=\"link\" data-id=\"https:\/\/www.brunnenbraeu.org\/Dokumente\/Bierszene%20Polen%20-%20Was%20ist%20los.pdf\" target=\"_blank\"><strong>Was ist los, czyli o co w tym chodzi?<\/strong><\/a><br>(in: Piwowar)<br>Cieszyn, November 2010<\/li>\n\n\n\n<li><a rel=\"noreferrer noopener\" href=\"https:\/\/www.brunnenbraeu.org\/Dokumente\/Piwowar%20-%20Szczecin%20-%20Piwn\u0105%20Pustyni\u0105%20na%20P\u00f3\u0142nocy%20Polski.pdf\" data-type=\"link\" data-id=\"https:\/\/www.brunnenbraeu.org\/Dokumente\/Piwowar%20-%20Szczecin%20-%20Piwn\u0105%20Pustyni\u0105%20na%20P\u00f3\u0142nocy%20Polski.pdf\" target=\"_blank\"><strong>Szczecin \u2013 Piwn\u0105 Pustyni\u0105 na P\u00f3\u0142nocy Polski?<\/strong><\/a><br>(in: Piwowar)<br>Cieszyn, April 2011<\/li>\n\n\n\n<li><a rel=\"noreferrer noopener\" href=\"https:\/\/www.brunnenbraeu.org\/Dokumente\/Piwowar%20-%20Polacy%20i%20Niemcy%20Warz\u0105%20w%20Szczecinie.pdf\" data-type=\"link\" data-id=\"https:\/\/www.brunnenbraeu.org\/Dokumente\/Piwowar%20-%20Szczecin%20-%20Piwn%C4%85%20Pustyni%C4%85%20na%20P%C3%B3%C5%82nocy%20Polski.pdf\" target=\"_blank\"><strong>Polacy i Niemcy Warz\u0105 w Szczecinie<\/strong><\/a><br>(in: Piwowar)<br>Cieszyn, August 2011<\/li>\n\n\n\n<li><a rel=\"noreferrer noopener\" href=\"https:\/\/www.brunnenbraeu.org\/Dokumente\/HHBT%20-%202011%20-%20Schalander.pdf\" data-type=\"link\" data-id=\"https:\/\/www.brunnenbraeu.org\/Dokumente\/HHBT%20-%202011%20-%20Schalander.pdf\" target=\"_blank\"><strong>Brauertag\u2018 und Sonnenschein und ich steh\u2018 hier im Stau am Rhein \u2026<\/strong><\/a><br>(in: Schalander)<br>Bamberg, Dezember 2011<\/li>\n\n\n\n<li><a href=\"https:\/\/blog.brunnenbraeu.eu\/?p=45762\" target=\"_blank\" rel=\"noreferrer noopener\"><strong>Wolnomularze i knechci, czyli Browarnictwo S\u0142upskie<\/strong><\/a><br>(mit Krzysztof \u017burawski)<br>Szczecin, September 2012<\/li>\n\n\n\n<li><a href=\"https:\/\/www.brunnenbraeu.org\/Dokumente\/Nassauer%20-%202012-2.pdf\" data-type=\"link\" data-id=\"https:\/\/www.brunnenbraeu.org\/Dokumente\/Nassauer%20-%202012-2.pdf\" target=\"_blank\" rel=\"noreferrer noopener\"><strong>Jubil\u00e4umstreffen der Hausbrauer Nassauer Land<\/strong><\/a><br>(in: Schalander)<br>Bamberg, Dezember 2012<\/li>\n\n\n\n<li><a href=\"https:\/\/www.hopfenhelden.de\/my-favorite-craft-beer-aus-polen\/\" data-type=\"link\" data-id=\"https:\/\/www.hopfenhelden.de\/my-favorite-craft-beer-aus-polen\/\" target=\"_blank\" rel=\"noreferrer noopener\"><strong>My Favourite Five \u2026 Craft Beer aus Polen<\/strong><\/a><br>(in: Hopfenhelden)<br>Berlin, Dezember 2015<\/li>\n\n\n\n<li><a href=\"https:\/\/blog.brunnenbraeu.eu\/?p=3319\" data-type=\"link\" data-id=\"https:\/\/blog.brunnenbraeu.eu\/?p=3319\" target=\"_blank\" rel=\"noreferrer noopener\"><strong>Bier vor Ort \u2013 Reisen in Europas Bierwelt<\/strong><\/a><br>M\u00fcnster, April 2016<\/li>\n\n\n\n<li><a href=\"https:\/\/www.brunnenbraeu.org\/Dokumente\/Die%20heftige%20Wiederbelebung%20der%20polnischen%20Bierkultur%201.pdf\" data-type=\"link\" data-id=\"https:\/\/www.brunnenbraeu.org\/Dokumente\/Piwowar%20-%20Polacy%20i%20Niemcy%20Warz%C4%85%20w%20Szczecinie.pdf\" target=\"_blank\" rel=\"noreferrer noopener\"><strong>Die heftige Wiederbelebung der polnischen Bierkultur (Teil 1)<\/strong><\/a><br>(in: Bier &amp; Brauhaus)<br>Herford, Juli 2016<\/li>\n\n\n\n<li><a href=\"https:\/\/blog.brunnenbraeu.eu\/?p=3738\" data-type=\"link\" data-id=\"https:\/\/blog.brunnenbraeu.eu\/?p=3738\" target=\"_blank\" rel=\"noreferrer noopener\"><strong>Die l\u00e4ngste Theke der Welt<\/strong><\/a><br>(in: G\u00fcnther Th\u00f6mmes \u2013 So braut Deutschland)<br>Me\u00dfkirch, Juli 2016<\/li>\n\n\n\n<li><a rel=\"noreferrer noopener\" href=\"https:\/\/www.brunnenbraeu.org\/Dokumente\/Die%20heftige%20Wiederbelebung%20der%20polnischen%20Bierkultur%202.pdf\" data-type=\"link\" data-id=\"https:\/\/www.brunnenbraeu.org\/Dokumente\/Die%20heftige%20Wiederbelebung%20der%20polnischen%20Bierkultur%202.pdf\" target=\"_blank\"><strong>Die heftige Wiederbelebung der polnischen Bierkultur (Teil 2)<\/strong><\/a><br>(in: Bier &amp; Brauhaus)<br>Herford, Oktober 2016<\/li>\n\n\n\n<li><a href=\"https:\/\/www.brunnenbraeu.org\/Dokumente\/TdB%202016%20-%20Bier%20und%20Brauhaus.pdf\" data-type=\"link\" data-id=\"https:\/\/www.brunnenbraeu.org\/Dokumente\/TdB%202016%20-%20Bier%20und%20Brauhaus.pdf\" target=\"_blank\" rel=\"noreferrer noopener\"><strong>Die Tour de Bier 2016<\/strong><\/a><br>(in: Bier &amp; Brauhaus)<br>Herford, Oktober 2016<\/li>\n\n\n\n<li><a href=\"https:\/\/www.brunnenbraeu.org\/Dokumente\/Bierszene%20Lissabon.pdf\" data-type=\"link\" data-id=\"https:\/\/www.brunnenbraeu.org\/Dokumente\/Bierszene%20Lissabon.pdf\" target=\"_blank\" rel=\"noreferrer noopener\"><strong>Bierstadt Lissabon<\/strong><\/a><br>(in: Bier &amp; Brauhaus)<br>Herford, Juni 2018<\/li>\n\n\n\n<li><a href=\"https:\/\/www.brunnenbraeu.org\/Dokumente\/Bierszene%20Prag.pdf\" data-type=\"link\" data-id=\"https:\/\/www.brunnenbraeu.org\/Dokumente\/Bierszene%20Prag.pdf\" target=\"_blank\" rel=\"noreferrer noopener\"><strong>Bierstadt Prag<\/strong><\/a><br>(in: Bier &amp; Brauhaus)<br>Herford, September 2018<\/li>\n\n\n\n<li><a href=\"https:\/\/www.brunnenbraeu.org\/Dokumente\/Bierszene%20Athen.pdf\" data-type=\"link\" data-id=\"https:\/\/www.brunnenbraeu.org\/Dokumente\/Bierszene%20Athen.pdf\" target=\"_blank\" rel=\"noreferrer noopener\"><strong>Bierstadt Athen<\/strong><\/a><br>(in: Bier &amp; Brauhaus)<br>Herford, Dezember 2018<\/li>\n\n\n\n<li><a href=\"https:\/\/www.brunnenbraeu.org\/Dokumente\/Bierszene%20Sofia.pdf\" data-type=\"link\" data-id=\"https:\/\/www.brunnenbraeu.org\/Dokumente\/Bierszene%20Sofia.pdf\" target=\"_blank\" rel=\"noreferrer noopener\"><strong>Bierstadt Sofia<\/strong><\/a><br>(in: Bier &amp; Brauhaus)<br>Herford, M\u00e4rz 2019<\/li>\n\n\n\n<li><a href=\"https:\/\/blog.brunnenbraeu.eu\/?p=30499\" data-type=\"link\" data-id=\"https:\/\/blog.brunnenbraeu.eu\/?p=30499\" target=\"_blank\" rel=\"noreferrer noopener\"><strong>Definitiv unwiderstehlich<\/strong><\/a><br>(in: Ausstellungskatalog zur muraubiennal Global Beer.)<br>Murau, Juni 2019<\/li>\n\n\n\n<li><a href=\"https:\/\/blog.brunnenbraeu.eu\/?p=30514\" data-type=\"link\" data-id=\"https:\/\/blog.brunnenbraeu.eu\/?p=30514\" target=\"_blank\" rel=\"noreferrer noopener\"><strong>It\u2019s irresistible. Definitely<\/strong><\/a><br>(in: Ausstellungskatalog zur muraubiennal Global Beer.)<br>Murau, Juni 2019<\/li>\n\n\n\n<li><a href=\"https:\/\/www.brunnenbraeu.org\/Dokumente\/Bierszene%20Madrid.pdf\" data-type=\"link\" data-id=\"https:\/\/www.brunnenbraeu.org\/Dokumente\/Bierszene%20Madrid.pdf\" target=\"_blank\" rel=\"noreferrer noopener\"><strong>Bierstadt Madrid<\/strong><\/a><br>(in: Bier &amp; Brauhaus)<br>Herford, Juni 2019<\/li>\n\n\n\n<li><a href=\"https:\/\/blog.brunnenbraeu.eu\/?p=29996\" data-type=\"link\" data-id=\"https:\/\/blog.brunnenbraeu.eu\/?p=29996\" target=\"_blank\" rel=\"noreferrer noopener\"><strong>Die Ausbildung zum Bierverkoster in Polen<\/strong><\/a><br>(in: Bier &amp; Brauhaus)<br>Herford, September 2019<\/li>\n\n\n\n<li><a href=\"https:\/\/www.brunnenbraeu.org\/Dokumente\/Bierszene%20Bratislava.pdf\" data-type=\"link\" data-id=\"https:\/\/www.brunnenbraeu.org\/Dokumente\/Bierszene%20Bratislava.pdf\" target=\"_blank\" rel=\"noreferrer noopener\"><strong>Bierstadt Bratislava<\/strong><\/a><br>(in: Bier &amp; Brauhaus)<br>Herford, September 2019<\/li>\n\n\n\n<li><a href=\"https:\/\/www.brunnenbraeu.org\/Dokumente\/Bierszene%20Budapest.pdf\" data-type=\"link\" data-id=\"https:\/\/www.brunnenbraeu.org\/Dokumente\/Bierszene%20Budapest.pdf\" target=\"_blank\" rel=\"noreferrer noopener\"><strong>Bierstadt Budapest<\/strong><\/a><br>(in: Bier &amp; Brauhaus)<br>Herford, Dezember 2019<\/li>\n\n\n\n<li><a href=\"https:\/\/www.brunnenbraeu.org\/Dokumente\/Bierszene%20Washington.pdf\" data-type=\"link\" data-id=\"https:\/\/www.brunnenbraeu.org\/Dokumente\/Bierszene%20Washington.pdf\" target=\"_blank\" rel=\"noreferrer noopener\"><strong>Bierstadt Washington<\/strong><\/a><br>(in: Bier &amp; Brauhaus)<br>Herford, M\u00e4rz 2020<\/li>\n\n\n\n<li><a rel=\"noreferrer noopener\" href=\"https:\/\/www.brunnenbraeu.org\/Dokumente\/Bierszene%20Wien.pdf\" data-type=\"link\" data-id=\"https:\/\/www.brunnenbraeu.org\/Dokumente\/Bierszene%20Wien.pdf\" target=\"_blank\"><strong>Bierstadt Wien<\/strong><\/a><br>(in: Bier &amp; Brauhaus)<br>Herford, Juni 2020<\/li>\n\n\n\n<li><a href=\"https:\/\/blog.brunnenbraeu.eu\/?p=33257\" data-type=\"link\" data-id=\"https:\/\/blog.brunnenbraeu.eu\/?p=33257\" target=\"_blank\" rel=\"noreferrer noopener\"><strong>Ach, M\u00fcnchen, was ist es doch sch\u00f6n auf dem Oktoberfest<\/strong><\/a><br>(in: E.I. und Freunde \u2013 Unser t\u00e4glich Bier gib uns heute)<br>Hamburg, September 2020 (09\/20)<\/li>\n\n\n\n<li><a href=\"https:\/\/blog.brunnenbraeu.eu\/?p=33625\" data-type=\"link\" data-id=\"https:\/\/blog.brunnenbraeu.eu\/?p=33625\" target=\"_blank\" rel=\"noreferrer noopener\"><strong>Die Legende vom Hopfenmalz<\/strong><\/a><br>(in: E.I. und Freunde \u2013 Unser t\u00e4glich Bier gib uns heute)<br>Hamburg, September 2020 (10\/20)<\/li>\n\n\n\n<li><a href=\"https:\/\/blog.brunnenbraeu.eu\/?p=33879\" data-type=\"link\" data-id=\"https:\/\/blog.brunnenbraeu.eu\/?p=33879\" target=\"_blank\" rel=\"noreferrer noopener\"><strong>Sex verhalf der Menschheit zum Bier<\/strong><\/a><br>(in: E.I. und Freunde \u2013 Unser t\u00e4glich Bier gib uns heute)<br>Hamburg, September 2020 (11\/20)<\/li>\n\n\n\n<li><a href=\"https:\/\/blog.brunnenbraeu.eu\/?p=34218\" data-type=\"link\" data-id=\"https:\/\/blog.brunnenbraeu.eu\/?p=34218\" target=\"_blank\" rel=\"noreferrer noopener\"><strong>Jule\u00f8l<\/strong><\/a><br>(in: E.I. und Freunde \u2013 Unser t\u00e4glich Bier gib uns heute)<br>Hamburg, September 2020 (12\/20)<\/li>\n\n\n\n<li><a href=\"https:\/\/blog.brunnenbraeu.eu\/?p=34587\" data-type=\"link\" data-id=\"https:\/\/blog.brunnenbraeu.eu\/?p=34587\" target=\"_blank\" rel=\"noreferrer noopener\"><strong>Bier-Gel\u00fcste<\/strong><\/a><br>(in: E.I. und Freunde \u2013 Unser t\u00e4glich Bier gib uns heute)<br>Hamburg, September 2020 (01\/21)<\/li>\n\n\n\n<li><a href=\"https:\/\/blog.brunnenbraeu.eu\/?p=35133\" data-type=\"link\" data-id=\"https:\/\/blog.brunnenbraeu.eu\/?p=35133\" target=\"_blank\" rel=\"noreferrer noopener\"><strong>Deutschland ist Bierland Nummer 1<\/strong><\/a><br>(in: E.I. und Freunde \u2013 Unser t\u00e4glich Bier gib uns heute)<br>Hamburg, September 2020 (02\/21)<\/li>\n\n\n\n<li><a rel=\"noreferrer noopener\" href=\"https:\/\/blog.brunnenbraeu.eu\/?p=35601\" data-type=\"link\" data-id=\"https:\/\/blog.brunnenbraeu.eu\/?p=35601\" target=\"_blank\"><strong>Maskat \/ \u0645\u0633\u0642\u0637<\/strong><\/a><br>(in: E.I. und Freunde \u2013 Unser t\u00e4glich Bier gib uns heute)<br>Hamburg, September 2020 (04\/21)<\/li>\n\n\n\n<li><a href=\"https:\/\/blog.brunnenbraeu.eu\/?p=36544\" data-type=\"link\" data-id=\"https:\/\/blog.brunnenbraeu.eu\/?p=36544\" target=\"_blank\" rel=\"noreferrer noopener\"><strong>Prag<\/strong><\/a><br>(in: E.I. und Freunde \u2013 Unser t\u00e4glich Bier gib uns heute)<br>Hamburg, September 2020 (04\/21)<\/li>\n\n\n\n<li><a href=\"https:\/\/blog.brunnenbraeu.eu\/?p=36891\" data-type=\"link\" data-id=\"https:\/\/blog.brunnenbraeu.eu\/?p=36891\" target=\"_blank\" rel=\"noreferrer noopener\"><strong>Bier l\u00f6scht den Durst<\/strong><\/a><br>(in: E.I. und Freunde \u2013 Unser t\u00e4glich Bier gib uns heute)<br>Hamburg, September 2020 (06\/21)<\/li>\n\n\n\n<li><a href=\"https:\/\/blog.brunnenbraeu.eu\/?p=37372\" data-type=\"link\" data-id=\"https:\/\/blog.brunnenbraeu.eu\/?p=37372\" target=\"_blank\" rel=\"noreferrer noopener\"><strong>Zwei Seelen wohnen, ach!, in meiner Brust. Ein Dialog mit mir selbst.<\/strong><\/a><br>(in: E.I. und Freunde \u2013 Unser t\u00e4glich Bier gib uns heute)<br>Hamburg, September 2020 (07\/21)<\/li>\n\n\n\n<li><a href=\"https:\/\/blog.brunnenbraeu.eu\/?p=37719\" data-type=\"link\" data-id=\"https:\/\/blog.brunnenbraeu.eu\/?p=37719\" target=\"_blank\" rel=\"noreferrer noopener\"><strong>Altes Bier<\/strong><\/a><br>(in: E.I. und Freunde \u2013 Unser t\u00e4glich Bier gib uns heute)<br>Hamburg, September 2020 (09\/21)<\/li>\n\n\n\n<li><a href=\"https:\/\/blog.brunnenbraeu.eu\/?p=38054\" data-type=\"link\" data-id=\"https:\/\/blog.brunnenbraeu.eu\/?p=38054\" target=\"_blank\" rel=\"noreferrer noopener\"><strong>Das perfekte Bierfestival<\/strong><\/a><br>(in: E.I. und Freunde \u2013 Unser t\u00e4glich Bier gib uns heute)<br>Hamburg, September 2020 (10\/21)<\/li>\n\n\n\n<li><a href=\"https:\/\/blog.brunnenbraeu.eu\/?p=39130\" data-type=\"link\" data-id=\"https:\/\/blog.brunnenbraeu.eu\/?p=39130\" target=\"_blank\" rel=\"noreferrer noopener\"><strong>Klimawandel<\/strong><\/a><br>(in: E.I. und Freunde \u2013 Unser t\u00e4glich Bier gib uns heute)<br>Hamburg, September 2020 (12\/21)<\/li>\n\n\n\n<li><a href=\"https:\/\/blog.brunnenbraeu.eu\/?p=39981\" data-type=\"link\" data-id=\"https:\/\/blog.brunnenbraeu.eu\/?p=39981\" target=\"_blank\" rel=\"noreferrer noopener\"><strong>Gehirnw\u00e4sche<\/strong><\/a><br>(in: E.I. und Freunde \u2013 Unser t\u00e4glich Bier gib uns heute)<br>Hamburg, September 2020 (03\/22)<\/li>\n\n\n\n<li><a href=\"https:\/\/blog.brunnenbraeu.eu\/?p=40449\" data-type=\"link\" data-id=\"https:\/\/blog.brunnenbraeu.eu\/?p=40449\" target=\"_blank\" rel=\"noreferrer noopener\"><strong>Individualflaschen<\/strong><\/a><br>(in: E.I. und Freunde \u2013 Unser t\u00e4glich Bier gib uns heute)<br>Hamburg, September 2020 (04\/22)<\/li>\n\n\n\n<li><a href=\"https:\/\/blog.brunnenbraeu.eu\/?p=40676\" data-type=\"link\" data-id=\"https:\/\/blog.brunnenbraeu.eu\/?p=40676\" target=\"_blank\" rel=\"noreferrer noopener\"><strong>Craft \u2013 Handwerk?<\/strong><\/a><br>(in: E.I. und Freunde \u2013 Unser t\u00e4glich Bier gib uns heute)<br>Hamburg, September 2020 (05\/22)<\/li>\n\n\n\n<li><a href=\"https:\/\/blog.brunnenbraeu.eu\/?p=42542\" data-type=\"link\" data-id=\"https:\/\/blog.brunnenbraeu.eu\/?p=42542\" target=\"_blank\" rel=\"noreferrer noopener\"><strong>Bist Du auch ein Adabei?<\/strong><\/a><br>(in: E.I. und Freunde \u2013 Unser t\u00e4glich Bier gib uns heute)<br>Hamburg, September 2020 (07\/22)<\/li>\n\n\n\n<li><a href=\"https:\/\/blog.brunnenbraeu.eu\/?p=41167\" data-type=\"link\" data-id=\"https:\/\/blog.brunnenbraeu.eu\/?p=41167\" target=\"_blank\" rel=\"noreferrer noopener\"><strong>Prost, Genossen!<\/strong><\/a><br>(in: E.I. und Freunde \u2013 Unser t\u00e4glich Bier gib uns heute)<br>Hamburg, September 2020 (07\/22)<\/li>\n\n\n\n<li><a href=\"https:\/\/blog.brunnenbraeu.eu\/?p=44274\" data-type=\"link\" data-id=\"https:\/\/blog.brunnenbraeu.eu\/?p=44274\" target=\"_blank\" rel=\"noreferrer noopener\"><strong>99 Stamperl Bier<\/strong><\/a><br>(in: E.I. und Freunde \u2013 Unser t\u00e4glich Bier gib uns heute)<br>Hamburg, September 2020 (11\/22)<\/li>\n\n\n\n<li><a href=\"https:\/\/blog.brunnenbraeu.eu\/?p=47083\" data-type=\"link\" data-id=\"https:\/\/blog.brunnenbraeu.eu\/?p=44274\" target=\"_blank\" rel=\"noreferrer noopener\"><strong>Athen<\/strong><\/a><br>(in: E.I. und Freunde \u2013 Unser t\u00e4glich Bier gib uns heute)<br>Hamburg, September 2020 (06\/25)<\/li>\n\n\n\n<li><a href=\"https:\/\/blog.brunnenbraeu.eu\/?p=47897\" target=\"_blank\" rel=\"noreferrer noopener\"><strong>Bier im Winter<\/strong><\/a><br>(in: E.I. und Freunde \u2013 Unser t\u00e4glich Bier gib uns heute)<br>Hamburg, September 2020 (10\/25)<\/li>\n\n\n\n<li><a href=\"https:\/\/blog.brunnenbraeu.eu\/?p=48447\" target=\"_blank\" rel=\"noreferrer noopener\"><strong>Oh, Heilige Dreifaltigkeit<\/strong><\/a><br>(in: E.I. und Freunde \u2013 Unser t\u00e4glich Bier gib uns heute)<br>Hamburg, September 2020 (01\/26)<\/li>\n\n\n\n<li><a href=\"https:\/\/blog.brunnenbraeu.eu\/?p=49090\" target=\"_blank\" rel=\"noreferrer noopener\"><strong>Bier-Ballon<\/strong><\/a><br>(in: E.I. und Freunde \u2013 Unser t\u00e4glich Bier gib uns heute)<br>Hamburg, September 2020 (04\/26)<\/li>\n\n\n\n<li><a href=\"https:\/\/www.brunnenbraeu.org\/Dokumente\/Tschlin%202020.pdf\" data-type=\"link\" data-id=\"https:\/\/www.brunnenbraeu.org\/Dokumente\/Tschlin%202020.pdf\" target=\"_blank\" rel=\"noreferrer noopener\"><strong>Bergbierwanderung Tschlin 2020<\/strong><\/a><br>(in: Bier &amp; Brauhaus)<br>Herford, Dezember 2020<\/li>\n\n\n\n<li><a rel=\"noreferrer noopener\" href=\"https:\/\/blog.brunnenbraeu.eu\/?p=42896\" data-type=\"link\" data-id=\"https:\/\/blog.brunnenbraeu.eu\/?p=42896\" target=\"_blank\"><strong>Kolumne: Bierige Bemerkungen vom Brunnenbr\u00e4u \u2013 experimentierfreudige Kreativbrauer<\/strong><\/a><br>(in: Brauerlebnis \u2013 Das Magazin f\u00fcr Hobbybrauer)<br>Tettnang, Oktober 2022<\/li>\n\n\n\n<li><a href=\"https:\/\/blog.brunnenbraeu.eu\/?p=43693\" data-type=\"link\" data-id=\"https:\/\/blog.brunnenbraeu.eu\/?p=43693\" target=\"_blank\" rel=\"noreferrer noopener\"><strong>Kolumne: Bierige Bemerkungen vom Brunnenbr\u00e4u \u2013 kein Biertrinken im Winter<\/strong><\/a><br>(in: Brauerlebnis \u2013 Das Magazin f\u00fcr Hobbybrauer)<br>Tettnang, Januar 2023<\/li>\n\n\n\n<li><a href=\"https:\/\/blog.brunnenbraeu.eu\/?p=46039\" target=\"_blank\" rel=\"noreferrer noopener\"><strong>Brauletter: Im Interview mit Volker R. Quante<\/strong><\/a><br>(in: Hopfen und mehr \u2013 Newsletter)<br>Tettnang, Februar 2023<\/li>\n\n\n\n<li><a href=\"https:\/\/blog.brunnenbraeu.eu\/?p=45169\" data-type=\"link\" data-id=\"https:\/\/blog.brunnenbraeu.eu\/?p=43693\" target=\"_blank\" rel=\"noreferrer noopener\"><strong>Kolumne: Bierige Bemerkungen vom Brunnenbr\u00e4u \u2013 die Zeit der schweren Winterbiere ist vorbei<\/strong><\/a><br>(in: Brauerlebnis \u2013 Das Magazin f\u00fcr Hobbybrauer)<br>Tettnang, April 2023<\/li>\n\n\n\n<li><a href=\"https:\/\/www.hobbybrauerversand.de\/Rezension-zum-Buch-Bier-unser\" data-type=\"link\" data-id=\"https:\/\/www.hobbybrauerversand.de\/Rezension-zum-Buch-Bier-unser\" target=\"_blank\" rel=\"noreferrer noopener\"><strong>Rezension: Buch \u201eBier unser\u201c<\/strong><\/a><br>(in: Hopfen und mehr \u2013 Newsletter)<br>Tettnang, Juni 2023<\/li>\n\n\n\n<li><a href=\"https:\/\/blog.brunnenbraeu.eu\/?p=46700\" data-type=\"link\" data-id=\"https:\/\/blog.brunnenbraeu.eu\/?p=46700\" target=\"_blank\" rel=\"noreferrer noopener\"><strong>Kolumne: Bierige Bemerkungen vom Brunnenbr\u00e4u \u2013 \u201eIch mag kein Bier, das ist mir zu bitter.\u201c<\/strong><\/a><br>(in: Brauerlebnis \u2013 Das Magazin f\u00fcr Hobbybrauer)<br>Tettnang, Juli 2023<\/li>\n\n\n\n<li><a href=\"https:\/\/blog.brunnenbraeu.eu\/?p=47562\" data-type=\"link\" data-id=\"https:\/\/blog.brunnenbraeu.eu\/?p=47562\" target=\"_blank\" rel=\"noreferrer noopener\"><strong>Kolumne: Bierige Bemerkungen vom Brunnenbr\u00e4u \u2013 \u201eEs gibt keine verbindlichen Vorgaben f\u00fcr Bierstile\u201c<\/strong><\/a><br>(in: Brauerlebnis \u2013 Das Magazin f\u00fcr Hobbybrauer)<br>Tettnang, Oktober 2023<\/li>\n\n\n\n<li><a href=\"https:\/\/blog.brunnenbraeu.eu\/?p=47770\" data-type=\"link\" data-id=\"https:\/\/blog.brunnenbraeu.eu\/?p=47770\" target=\"_blank\" rel=\"noreferrer noopener\"><strong>Kolumne: Bierige Bemerkungen vom Brunnenbr\u00e4u \u2013 \u201eKontextabh\u00e4ngiger Biergenuss\u201c<\/strong><\/a><br>(in: Brauerlebnis \u2013 Das Magazin f\u00fcr Hobbybrauer)<br>Tettnang, Januar 2024<\/li>\n\n\n\n<li><a href=\"https:\/\/blog.brunnenbraeu.eu\/?p=48029\" data-type=\"link\" data-id=\"https:\/\/blog.brunnenbraeu.eu\/?p=48029\" target=\"_blank\" rel=\"noreferrer noopener\"><strong>Kolumne: Bierige Bemerkungen vom Brunnenbr\u00e4u \u2013 \u201eSchwankungen von Sud zu Sud\u201c<\/strong><\/a><br>(in: Brauerlebnis \u2013 Das Magazin f\u00fcr Hobbybrauer)<br>Tettnang, April 2024<\/li>\n\n\n\n<li><a href=\"https:\/\/blog.brunnenbraeu.eu\/?p=48218\" data-type=\"link\" data-id=\"https:\/\/blog.brunnenbraeu.eu\/?p=48218\" target=\"_blank\" rel=\"noreferrer noopener\"><strong>Kolumne: Bierige Bemerkungen vom Brunnenbr\u00e4u \u2013 \u201eDer Tag der Rauchbierbewahrung\u201c<\/strong><\/a><br>(in: Brauerlebnis \u2013 Das Magazin f\u00fcr Hobbybrauer)<br>Tettnang, Juli 2024<\/li>\n\n\n\n<li><a href=\"https:\/\/vquante.jalbum.net\/Alben15\/BiertrifftBuchABF\/index.html#img=%E2%80%9EBier%20trifft%20Buch%E2%80%9C%20im%20Alten%20Bahnhof%20Frechen%20(1).jpg\" data-type=\"link\" data-id=\"https:\/\/vquante.jalbum.net\/Alben15\/BiertrifftBuchABF\/index.html#img=%E2%80%9EBier%20trifft%20Buch%E2%80%9C%20im%20Alten%20Bahnhof%20Frechen%20(1).jpg\" target=\"_blank\" rel=\"noreferrer noopener\"><strong>Interview: Alles dreht sich ums Bier<\/strong><\/a><br>(in: K\u00f6lner Stadtanzeiger)<br>K\u00f6ln, Mai 2025<\/li>\n<\/ol>\n\n\n\n<p><\/p>\n","protected":false},"excerpt":{"rendered":"<div class=\"mh-excerpt\"><\/div>","protected":false},"author":1,"featured_media":0,"parent":0,"menu_order":0,"comment_status":"closed","ping_status":"closed","template":"","meta":{"footnotes":""},"class_list":["post-30570","page","type-page","status-publish"],"_links":{"self":[{"href":"https:\/\/blog.brunnenbraeu.eu\/index.php?rest_route=\/wp\/v2\/pages\/30570","targetHints":{"allow":["GET"]}}],"collection":[{"href":"https:\/\/blog.brunnenbraeu.eu\/index.php?rest_route=\/wp\/v2\/pages"}],"about":[{"href":"https:\/\/blog.brunnenbraeu.eu\/index.php?rest_route=\/wp\/v2\/types\/page"}],"author":[{"embeddable":true,"href":"https:\/\/blog.brunnenbraeu.eu\/index.php?rest_route=\/wp\/v2\/users\/1"}],"replies":[{"embeddable":true,"href":"https:\/\/blog.brunnenbraeu.eu\/index.php?rest_route=%2Fwp%2Fv2%2Fcomments&post=30570"}],"version-history":[{"count":48,"href":"https:\/\/blog.brunnenbraeu.eu\/index.php?rest_route=\/wp\/v2\/pages\/30570\/revisions"}],"predecessor-version":[{"id":49094,"href":"https:\/\/blog.brunnenbraeu.eu\/index.php?rest_route=\/wp\/v2\/pages\/30570\/revisions\/49094"}],"wp:attachment":[{"href":"https:\/\/blog.brunnenbraeu.eu\/index.php?rest_route=%2Fwp%2Fv2%2Fmedia&parent=30570"}],"curies":[{"name":"wp","href":"https:\/\/api.w.org\/{rel}","templated":true}]}}